{"id":15732,"date":"2026-08-27T07:11:16","date_gmt":"2026-08-27T07:11:16","guid":{"rendered":"https:\/\/www.oeuvre-orient.fr\/projets\/todays-youth-tomorrows-leaders\/"},"modified":"2026-09-03T09:15:52","modified_gmt":"2026-09-03T09:15:52","slug":"todays-youth-tomorrows-leaders","status":"publish","type":"projet","link":"https:\/\/www.oeuvre-orient.fr\/en\/projets\/todays-youth-tomorrows-leaders\/","title":{"rendered":"Today&#x27;s Youth, Tomorrow&#x27;s Leaders"},"content":{"rendered":"<section class=\"contenu\" data-component=\"19-contenu\">\n\t<div class=\"container\">\n\t\t\t\t\t<h1 class=\"contenu__titre\">Roumanie, contexte social des jeunes<\/h1>\n\t\t\t<img loading=\"lazy\" decoding=\"async\" class=\"contenu__filet\" src=\"https:\/\/www.oeuvre-orient.fr\/wp-content\/themes\/oeuvre-orient\/assets\/images\/icones\/filet.svg\" alt=\"\" aria-hidden=\"true\" width=\"300\" height=\"3\">\n\t\t\n\t\t\t\t\t<div class=\"content\">\n\t\t\t\t<p>En Roumanie, on compte plus de 4 millions d\u2019enfants \u00e2g\u00e9s de 0 \u00e0 18 ans, dont environ 1,2 million de jeunes \u00e2g\u00e9s de 14 \u00e0 18 ans. Parmi eux, 43 % vivent dans des zones rurales.<\/p>\n<p>Selon les donn\u00e9es de l\u2019Institut National de Statistique et d\u2019Eurostat, en 2024 aprox. 41 % des jeunes en Roumanie sont expos\u00e9s au risque de pauvret\u00e9 et d\u2019exclusion sociale, ce qui repr\u00e9sente le taux le plus \u00e9lev\u00e9 de l\u2019Union europ\u00e9enne.<\/p>\n<p>D\u2019apr\u00e8s les statistiques publi\u00e9es par World Vision, en 2024 en Roumanie :<br \/>\n+ 1 enfant sur 8 se couche le soir en ayant faim ;<br \/>\n+ 46 % des enfants \u00e2g\u00e9s de 7 \u00e0 14 ans rencontrent des difficult\u00e9s \u00e0 comprendre un texte, ph\u00e9nom\u00e8ne associ\u00e9 \u00e0 l\u2019analphab\u00e9tisme fonctionnel ;<br \/>\n+ pr\u00e8s de 45 % des enfants et des jeunes sont expos\u00e9s \u00e0 un risque de faibles r\u00e9sultats scolaires et d\u2019abandon scolaire pr\u00e9coce, ce qui conduit souvent \u00e0 des emplois peu qualifi\u00e9s et \u00e0 une int\u00e9gration limit\u00e9e sur le march\u00e9 du travail.<\/p>\t\t\t<\/div>\n\t\t\t<\/div>\n<\/section>\n<section class=\"contenu\" data-component=\"19-contenu\">\n\t<div class=\"container\">\n\t\t\t\t\t<h2 class=\"contenu__titre\">La g\u00e9n\u00e8se du projet &quot;Les jeunes d&#039;aujourd&#039;hui, les Leaders de demain&quot;<\/h2>\n\t\t\t<img loading=\"lazy\" decoding=\"async\" class=\"contenu__filet\" src=\"https:\/\/www.oeuvre-orient.fr\/wp-content\/themes\/oeuvre-orient\/assets\/images\/icones\/filet.svg\" alt=\"\" aria-hidden=\"true\" width=\"300\" height=\"3\">\n\t\t\n\t\t\t\t\t<div class=\"content\">\n\t\t\t\t<p>L\u2019Association EduBiz collabore avec l\u2019\u00c9v\u00each\u00e9 Greco-Catholique d\u2019Oradea dans le cadre de projets d\u2019\u00e9ducation non formelle, d\u2019orientation vocationnelle et de formation professionnelle destin\u00e9s aux jeunes. Depuis 2013, EduBiz a d\u00e9velopp\u00e9 une expertise solide dans la mise en \u0153uvre de programmes complexes d\u2019\u00e9ducation non formelle et d\u2019orientation vocationnelle pour des centaines d\u2019adolescents et de jeunes d\u2019Oradea et d\u2019autres villes. Ces initiatives incluent des programmes de volontariat, des stages de pratique en entreprises pour les jeunes, des activit\u00e9s interactives, ainsi que des \u00e9coles et des camps d\u2019\u00e9t\u00e9 d\u00e9di\u00e9s \u00e0 la formation et au d\u00e9veloppement personnel.<\/p>\n<p>Pour ces raisons, Monseigneur Virgil Bercea, \u00c9v\u00eaque Greco-Catholique d\u2019Oradea, soutient la collaboration avec l\u2019Association EduBiz en vue de la mise en \u0153uvre de projets d\u00e9di\u00e9s \u00e0 la formation et au d\u00e9veloppement des jeunes.<\/p>\n<p>Les jeunes \u00e2g\u00e9s de 14 \u00e0 18 ans du nord-ouest de la Roumanie sont confront\u00e9s \u00e0 de nombreux obstacles d\u2019ordre social, \u00e9conomique et \u00e9ducatif. Les jeunes disposent d\u2019un potentiel consid\u00e9rable, mais manquent souvent de direction, d\u2019orientation et d\u2019un syst\u00e8me qui leur permette de se d\u00e9velopper de mani\u00e8re int\u00e9grale\u00a0 sur les plans personnel, social, \u00e9motionnel, spirituel, professionnel et intellectuel.<br \/>\nEn dehors d\u2019EduBiz, il n\u2019existe pas de programme similaire d\u00e9di\u00e9 au d\u00e9veloppement global et complexe des jeunes.<\/p>\n<p><strong>Bas\u00e9 sur le projet 2023-2025 d\u00e9j\u00e0 soutenu par L\u2019\u0152uvre d\u2019Orient, un impact tr\u00e8s positif a \u00e9t\u00e9\u00a0 mesur\u00e9 sur la vie de beaucoup de jeunes, d&#8217;o\u00f9 la n\u00e9cessit\u00e9 de le poursuivre sur 3 ans. Le project &#8220;Les jeunes d\u2019aujourd\u2019hui- Les Leaders de demain&#8221; est une modalit\u00e9 tr\u00e8s importante et efficace pour les jeunes, pour qu&#8217;ils trouvent leurs perspectives, leur chemin de vie et deviennent des jeunes impliqu\u00e9s dans l&#8217;\u00c9glise et dans la soci\u00e9t\u00e9.<\/strong><\/p>\t\t\t<\/div>\n\t\t\t<\/div>\n<\/section>\n<section class=\"contenu-image contenu-image--image-texte\" data-component=\"15-contenu-image\">\n\t<div class=\"container\">\n\t\t<div class=\"contenu-image__inner\">\n\t\t\t<div class=\"contenu-image__media\">\n\t\t\t\t<img class=\"contenu-image__image\" src=\"https:\/\/www.oeuvre-orient.fr\/wp-content\/uploads\/2026\/08\/Roumanie-edubiz-photo-1-e1787813828785.jpeg\" alt=\"\" loading=\"lazy\" decoding=\"async\">\n\t\t\t<\/div>\n\n\t\t\t<div class=\"contenu-image__body\">\n\t\t\t\t\n\t\t\t\t\t\t\t\t\t<h2 class=\"contenu-image__title\">Rencontre avec des jeunes de l&#039;association EduBiz.<\/h2>\n\t\t\t\t\t<span class=\"contenu-image__filet\" aria-hidden=\"true\"><\/span>\n\t\t\t\t\n\t\t\t\t\n\t\t\t\t\t\t\t\t\t<div class=\"contenu-image__text\"><p>Une d\u00e9l\u00e9gation de L&#8217;\u0152uvre d&#8217;Orient avec Mgr Hugues de WOILLEMONT \u00e0 la rencontre d&#8217;\u00e9l\u00e8ves en juillet 2026, \u00e0 Orad\u00e9a, Roumanie.<\/p><\/div>\n\t\t\t\t\n\t\t\t\t\t\t\t<\/div>\n\t\t<\/div>\n\t<\/div>\n\n\t<img decoding=\"async\" class=\"contenu-image__motif\" src=\"https:\/\/www.oeuvre-orient.fr\/wp-content\/themes\/oeuvre-orient\/assets\/images\/icones\/croix-jerusalem.svg\" alt=\"\" aria-hidden=\"true\" loading=\"lazy\">\n<\/section>\n<section class=\"contenu\" data-component=\"19-contenu\">\n\t<div class=\"container\">\n\t\t\t\t\t<h2 class=\"contenu__titre\">Les objectifs \u00e0 3 ans<\/h2>\n\t\t\t<img loading=\"lazy\" decoding=\"async\" class=\"contenu__filet\" src=\"https:\/\/www.oeuvre-orient.fr\/wp-content\/themes\/oeuvre-orient\/assets\/images\/icones\/filet.svg\" alt=\"\" aria-hidden=\"true\" width=\"300\" height=\"3\">\n\t\t\n\t\t\t\t\t<div class=\"content\">\n\t\t\t\t<ul>\n<li>300 nouveaux jeunes b\u00e9n\u00e9ficiaires du projet, adolescents d&#8217;Oradea, participent, soit 70\/75 jeunes par an<\/li>\n<li>35% des jeunes impliqu\u00e9es dans ce projet viendront du monde rural, de familles monoparentales, modestes,accueil \u00e9galement des orphelins.<\/li>\n<li>90 ateliers (30 par an) de d\u00e9veloppement personnelle, spirituelle, sociale et professionnel sont pr\u00e9vus<\/li>\n<li>30 projets de volontariat d\u00e9velopp\u00e9s par des jeunes dans diff\u00e9rent villes de la Roumanie, plut\u00f4t<br \/>\nTransylvanie, avec l\u2019aide du mentorat d&#8217;Edubiz<\/li>\n<li>3 camps d\u2019\u00e9t\u00e9 et \u00e9cole d\u2019\u00e9t\u00e9 en Bihor pour 170 jeunes (sur 3 ans)<\/li>\n<li>identifier et former 10 professeurs personnes dans des paroisses gr\u00e9co-catholiques de la Dioc\u00e8se d\u2019Oradea<br \/>\npour l&#8217;\u00e9ducation religieuse et le d\u00e9veloppement de la spiritualit\u00e9.<\/li>\n<\/ul>\t\t\t<\/div>\n\t\t\t<\/div>\n<\/section>\n\n<div class=\"wp-block-buttons is-content-justification-center is-layout-flex wp-container-core-buttons-is-layout-fe48e5de wp-block-buttons-is-layout-flex\">\n<div class=\"wp-block-button is-style-fill\"><a class=\"wp-block-button__link has-background has-text-align-center wp-element-button\" style=\"background-color:#c4122f\">Je soutiens la Roumanie<\/a><\/div>\n<\/div>\n\n<p class=\"wp-block-paragraph\"><\/p>\n","protected":false},"excerpt":{"rendered":"","protected":false},"featured_media":15094,"template":"","categories":[],"tags":[],"thematique":[84,84],"class_list":["post-15732","projet","type-projet","status-publish","has-post-thumbnail","hentry","thematique-education"],"acf":[],"yoast_head":"<!-- This site is optimized with the Yoast SEO plugin v28.4 - https:\/\/yoast.com\/product\/yoast-seo-wordpress\/ -->\n<title>Today&#x27;s Youth, Tomorrow&#x27;s Leaders - \u0152uvre d&#039;orient<\/title>\n<meta name=\"robots\" content=\"index, follow, max-snippet:-1, max-image-preview:large, max-video-preview:-1\" \/>\n<link rel=\"canonical\" href=\"https:\/\/www.oeuvre-orient.fr\/en\/projets\/todays-youth-tomorrows-leaders\/\" \/>\n<meta property=\"og:locale\" content=\"en_US\" \/>\n<meta property=\"og:type\" content=\"article\" \/>\n<meta property=\"og:title\" content=\"Today&#x27;s Youth, Tomorrow&#x27;s Leaders - \u0152uvre d&#039;orient\" \/>\n<meta property=\"og:url\" content=\"https:\/\/www.oeuvre-orient.fr\/en\/projets\/todays-youth-tomorrows-leaders\/\" \/>\n<meta property=\"og:site_name\" content=\"\u0152uvre d&#039;orient\" \/>\n<meta property=\"article:modified_time\" content=\"2026-09-03T09:15:52+00:00\" \/>\n<meta property=\"og:image\" content=\"https:\/\/www.oeuvre-orient.fr\/wp-content\/uploads\/2026\/08\/Roumanie-edubiz-hero-e1787814933378.jpg\" \/>\n\t<meta property=\"og:image:width\" content=\"2000\" \/>\n\t<meta property=\"og:image:height\" content=\"587\" \/>\n\t<meta property=\"og:image:type\" content=\"image\/jpeg\" \/>\n<meta name=\"twitter:card\" content=\"summary_large_image\" \/>\n<meta name=\"twitter:label1\" content=\"Est. reading time\" \/>\n\t<meta name=\"twitter:data1\" content=\"1 minute\" \/>\n<script type=\"application\/ld+json\" class=\"yoast-schema-graph\">{\"@context\":\"https:\\\/\\\/schema.org\",\"@graph\":[{\"@type\":\"WebPage\",\"@id\":\"https:\\\/\\\/www.oeuvre-orient.fr\\\/en\\\/projets\\\/todays-youth-tomorrows-leaders\\\/\",\"url\":\"https:\\\/\\\/www.oeuvre-orient.fr\\\/en\\\/projets\\\/todays-youth-tomorrows-leaders\\\/\",\"name\":\"Today&#x27;s Youth, Tomorrow&#x27;s Leaders - \u0152uvre d&#039;orient\",\"isPartOf\":{\"@id\":\"https:\\\/\\\/www.oeuvre-orient.fr\\\/#website\"},\"primaryImageOfPage\":{\"@id\":\"https:\\\/\\\/www.oeuvre-orient.fr\\\/en\\\/projets\\\/todays-youth-tomorrows-leaders\\\/#primaryimage\"},\"image\":{\"@id\":\"https:\\\/\\\/www.oeuvre-orient.fr\\\/en\\\/projets\\\/todays-youth-tomorrows-leaders\\\/#primaryimage\"},\"thumbnailUrl\":\"https:\\\/\\\/www.oeuvre-orient.fr\\\/wp-content\\\/uploads\\\/2026\\\/08\\\/Roumanie-edubiz-hero-e1787814933378.jpg\",\"datePublished\":\"2026-08-27T07:11:16+00:00\",\"dateModified\":\"2026-09-03T09:15:52+00:00\",\"breadcrumb\":{\"@id\":\"https:\\\/\\\/www.oeuvre-orient.fr\\\/en\\\/projets\\\/todays-youth-tomorrows-leaders\\\/#breadcrumb\"},\"inLanguage\":\"en-US\",\"potentialAction\":[{\"@type\":\"ReadAction\",\"target\":[\"https:\\\/\\\/www.oeuvre-orient.fr\\\/en\\\/projets\\\/todays-youth-tomorrows-leaders\\\/\"]}]},{\"@type\":\"ImageObject\",\"inLanguage\":\"en-US\",\"@id\":\"https:\\\/\\\/www.oeuvre-orient.fr\\\/en\\\/projets\\\/todays-youth-tomorrows-leaders\\\/#primaryimage\",\"url\":\"https:\\\/\\\/www.oeuvre-orient.fr\\\/wp-content\\\/uploads\\\/2026\\\/08\\\/Roumanie-edubiz-hero-e1787814933378.jpg\",\"contentUrl\":\"https:\\\/\\\/www.oeuvre-orient.fr\\\/wp-content\\\/uploads\\\/2026\\\/08\\\/Roumanie-edubiz-hero-e1787814933378.jpg\",\"width\":2000,\"height\":587,\"caption\":\"Programme de formation et d'\u00e9ducation des jeunes, compl\u00e9mentaire \u00e0 l'\u00e9cole, port\u00e9 par l'association Edubiz et soutenu par le dioc\u00e8se gr\u00e9co-catholique d'Oradea. Organisation d'ateliers visant au d\u00e9veloppement personnel des jeunes (holistique), \u00e0 favoriser l'engagement civique, le volontariat, le d\u00e9veloppement de comp\u00e9tences relationnelles, l'aptitude au leadership, ainsi qu'un programme de mentorat visant \u00e0 aider les jeunes dans leur orientation professionnelle. EduBiz in few images 2024\"},{\"@type\":\"BreadcrumbList\",\"@id\":\"https:\\\/\\\/www.oeuvre-orient.fr\\\/en\\\/projets\\\/todays-youth-tomorrows-leaders\\\/#breadcrumb\",\"itemListElement\":[{\"@type\":\"ListItem\",\"position\":1,\"name\":\"Home\",\"item\":\"https:\\\/\\\/www.oeuvre-orient.fr\\\/en\\\/\"},{\"@type\":\"ListItem\",\"position\":2,\"name\":\"Projects\",\"item\":\"https:\\\/\\\/www.oeuvre-orient.fr\\\/en\\\/projets\\\/\"},{\"@type\":\"ListItem\",\"position\":3,\"name\":\"Today&#x27;s Youth, Tomorrow&#x27;s Leaders\"}]},{\"@type\":\"WebSite\",\"@id\":\"https:\\\/\\\/www.oeuvre-orient.fr\\\/#website\",\"url\":\"https:\\\/\\\/www.oeuvre-orient.fr\\\/\",\"name\":\"\u0152uvre d&#039;orient\",\"description\":\"\",\"potentialAction\":[{\"@type\":\"SearchAction\",\"target\":{\"@type\":\"EntryPoint\",\"urlTemplate\":\"https:\\\/\\\/www.oeuvre-orient.fr\\\/?s={search_term_string}\"},\"query-input\":{\"@type\":\"PropertyValueSpecification\",\"valueRequired\":true,\"valueName\":\"search_term_string\"}}],\"inLanguage\":\"en-US\"}]}<\/script>\n<!-- \/ Yoast SEO plugin. -->","yoast_head_json":{"title":"Today&#x27;s Youth, Tomorrow&#x27;s Leaders - \u0152uvre d&#039;orient","robots":{"index":"index","follow":"follow","max-snippet":"max-snippet:-1","max-image-preview":"max-image-preview:large","max-video-preview":"max-video-preview:-1"},"canonical":"https:\/\/www.oeuvre-orient.fr\/en\/projets\/todays-youth-tomorrows-leaders\/","og_locale":"en_US","og_type":"article","og_title":"Today&#x27;s Youth, Tomorrow&#x27;s Leaders - \u0152uvre d&#039;orient","og_url":"https:\/\/www.oeuvre-orient.fr\/en\/projets\/todays-youth-tomorrows-leaders\/","og_site_name":"\u0152uvre d&#039;orient","article_modified_time":"2026-09-03T09:15:52+00:00","og_image":[{"width":2000,"height":587,"url":"https:\/\/www.oeuvre-orient.fr\/wp-content\/uploads\/2026\/08\/Roumanie-edubiz-hero-e1787814933378.jpg","type":"image\/jpeg"}],"twitter_card":"summary_large_image","twitter_misc":{"Est. reading time":"1 minute"},"schema":{"@context":"https:\/\/schema.org","@graph":[{"@type":"WebPage","@id":"https:\/\/www.oeuvre-orient.fr\/en\/projets\/todays-youth-tomorrows-leaders\/","url":"https:\/\/www.oeuvre-orient.fr\/en\/projets\/todays-youth-tomorrows-leaders\/","name":"Today&#x27;s Youth, Tomorrow&#x27;s Leaders - \u0152uvre d&#039;orient","isPartOf":{"@id":"https:\/\/www.oeuvre-orient.fr\/#website"},"primaryImageOfPage":{"@id":"https:\/\/www.oeuvre-orient.fr\/en\/projets\/todays-youth-tomorrows-leaders\/#primaryimage"},"image":{"@id":"https:\/\/www.oeuvre-orient.fr\/en\/projets\/todays-youth-tomorrows-leaders\/#primaryimage"},"thumbnailUrl":"https:\/\/www.oeuvre-orient.fr\/wp-content\/uploads\/2026\/08\/Roumanie-edubiz-hero-e1787814933378.jpg","datePublished":"2026-08-27T07:11:16+00:00","dateModified":"2026-09-03T09:15:52+00:00","breadcrumb":{"@id":"https:\/\/www.oeuvre-orient.fr\/en\/projets\/todays-youth-tomorrows-leaders\/#breadcrumb"},"inLanguage":"en-US","potentialAction":[{"@type":"ReadAction","target":["https:\/\/www.oeuvre-orient.fr\/en\/projets\/todays-youth-tomorrows-leaders\/"]}]},{"@type":"ImageObject","inLanguage":"en-US","@id":"https:\/\/www.oeuvre-orient.fr\/en\/projets\/todays-youth-tomorrows-leaders\/#primaryimage","url":"https:\/\/www.oeuvre-orient.fr\/wp-content\/uploads\/2026\/08\/Roumanie-edubiz-hero-e1787814933378.jpg","contentUrl":"https:\/\/www.oeuvre-orient.fr\/wp-content\/uploads\/2026\/08\/Roumanie-edubiz-hero-e1787814933378.jpg","width":2000,"height":587,"caption":"Programme de formation et d'\u00e9ducation des jeunes, compl\u00e9mentaire \u00e0 l'\u00e9cole, port\u00e9 par l'association Edubiz et soutenu par le dioc\u00e8se gr\u00e9co-catholique d'Oradea. Organisation d'ateliers visant au d\u00e9veloppement personnel des jeunes (holistique), \u00e0 favoriser l'engagement civique, le volontariat, le d\u00e9veloppement de comp\u00e9tences relationnelles, l'aptitude au leadership, ainsi qu'un programme de mentorat visant \u00e0 aider les jeunes dans leur orientation professionnelle. EduBiz in few images 2024"},{"@type":"BreadcrumbList","@id":"https:\/\/www.oeuvre-orient.fr\/en\/projets\/todays-youth-tomorrows-leaders\/#breadcrumb","itemListElement":[{"@type":"ListItem","position":1,"name":"Home","item":"https:\/\/www.oeuvre-orient.fr\/en\/"},{"@type":"ListItem","position":2,"name":"Projects","item":"https:\/\/www.oeuvre-orient.fr\/en\/projets\/"},{"@type":"ListItem","position":3,"name":"Today&#x27;s Youth, Tomorrow&#x27;s Leaders"}]},{"@type":"WebSite","@id":"https:\/\/www.oeuvre-orient.fr\/#website","url":"https:\/\/www.oeuvre-orient.fr\/","name":"\u0152uvre d&#039;orient","description":"","potentialAction":[{"@type":"SearchAction","target":{"@type":"EntryPoint","urlTemplate":"https:\/\/www.oeuvre-orient.fr\/?s={search_term_string}"},"query-input":{"@type":"PropertyValueSpecification","valueRequired":true,"valueName":"search_term_string"}}],"inLanguage":"en-US"}]}},"_links":{"self":[{"href":"https:\/\/www.oeuvre-orient.fr\/en\/wp-json\/wp\/v2\/projet\/15732","targetHints":{"allow":["GET"]}}],"collection":[{"href":"https:\/\/www.oeuvre-orient.fr\/en\/wp-json\/wp\/v2\/projet"}],"about":[{"href":"https:\/\/www.oeuvre-orient.fr\/en\/wp-json\/wp\/v2\/types\/projet"}],"wp:featuredmedia":[{"embeddable":true,"href":"https:\/\/www.oeuvre-orient.fr\/en\/wp-json\/wp\/v2\/media\/15094"}],"wp:attachment":[{"href":"https:\/\/www.oeuvre-orient.fr\/en\/wp-json\/wp\/v2\/media?parent=15732"}],"wp:term":[{"taxonomy":"category","embeddable":true,"href":"https:\/\/www.oeuvre-orient.fr\/en\/wp-json\/wp\/v2\/categories?post=15732"},{"taxonomy":"post_tag","embeddable":true,"href":"https:\/\/www.oeuvre-orient.fr\/en\/wp-json\/wp\/v2\/tags?post=15732"},{"taxonomy":"thematique","embeddable":true,"href":"https:\/\/www.oeuvre-orient.fr\/en\/wp-json\/wp\/v2\/thematique?post=15732"}],"curies":[{"name":"wp","href":"https:\/\/api.w.org\/{rel}","templated":true}]}}